{"id":4522,"date":"2024-03-22T21:49:44","date_gmt":"2024-03-22T20:49:44","guid":{"rendered":"https:\/\/www.tabernaklet.se\/?post_type=mec-events&#038;p=4522"},"modified":"2026-02-02T15:50:01","modified_gmt":"2026-02-02T14:50:01","slug":"gudstjanst-66-144-882-427-316-403-529-795-441-508-476-883-403-868-769-522-514","status":"publish","type":"mec-events","link":"https:\/\/www.tabernaklet.se\/?mec-events=gudstjanst-66-144-882-427-316-403-529-795-441-508-476-883-403-868-769-522-514","title":{"rendered":"VIPP-l\u00f6rdag"},"content":{"rendered":"<p><strong>Nu \u00e4r det dags igen att st\u00e4da v\u00e5rt Tabernakel och f\u00e5 det v\u00e5rfint!<\/strong><\/p>\n<p><strong>Vi tr\u00e4ffas l\u00f6rdagen den 11 april kl 10.00 och h\u00e5ller p\u00e5 till 13.00.<\/strong><\/p>\n<p><strong>Det kommer att finnas tid f\u00f6r gemenskap genom att det i halvtid serveras en matig soppa med tillbeh\u00f6r! \u00a0<\/strong><\/p>\n<p><strong>Varmt v\u00e4lkomna!<\/strong><\/p>\n<p><strong>H\u00e4lsningar VIPP-R\u00e5det.<\/strong><\/p>\n<p><strong>\/Annelie, Margareta, Bodil, Maria och Lisbeth.<\/strong><\/p>\n<p><strong>Fr\u00e5gor? Ring Annelie Enochson 0706-550650<\/strong><\/p>\n","protected":false},"excerpt":{"rendered":"<p>Nu \u00e4r det dags igen att st\u00e4da v\u00e5rt Tabernakel och f\u00e5 det v\u00e5rfint! Vi tr\u00e4ffas l\u00f6rdagen den 11 april kl 10.00 och h\u00e5ller p\u00e5 till 13.00. Det kommer att finnas tid f\u00f6r gemenskap genom att det i halvtid serveras en matig soppa med tillbeh\u00f6r! \u00a0 Varmt v\u00e4lkomna! H\u00e4lsningar VIPP-R\u00e5det. \/Annelie, Margareta, Bodil, Maria och Lisbeth. &hellip; <a href=\"https:\/\/www.tabernaklet.se\/?mec-events=gudstjanst-66-144-882-427-316-403-529-795-441-508-476-883-403-868-769-522-514\" class=\"more-link\">Forts\u00e4tt l\u00e4sa<span class=\"screen-reader-text\"> \u201dVIPP-l\u00f6rdag\u201d<\/span><\/a><\/p>\n","protected":false},"author":10,"featured_media":3924,"comment_status":"closed","ping_status":"closed","template":"","tags":[],"mec_category":[45],"class_list":["post-4522","mec-events","type-mec-events","status-publish","has-post-thumbnail","hentry","mec_category-vipp-lordag"],"_links":{"self":[{"href":"https:\/\/www.tabernaklet.se\/index.php?rest_route=\/wp\/v2\/mec-events\/4522","targetHints":{"allow":["GET"]}}],"collection":[{"href":"https:\/\/www.tabernaklet.se\/index.php?rest_route=\/wp\/v2\/mec-events"}],"about":[{"href":"https:\/\/www.tabernaklet.se\/index.php?rest_route=\/wp\/v2\/types\/mec-events"}],"author":[{"embeddable":true,"href":"https:\/\/www.tabernaklet.se\/index.php?rest_route=\/wp\/v2\/users\/10"}],"replies":[{"embeddable":true,"href":"https:\/\/www.tabernaklet.se\/index.php?rest_route=%2Fwp%2Fv2%2Fcomments&post=4522"}],"wp:featuredmedia":[{"embeddable":true,"href":"https:\/\/www.tabernaklet.se\/index.php?rest_route=\/wp\/v2\/media\/3924"}],"wp:attachment":[{"href":"https:\/\/www.tabernaklet.se\/index.php?rest_route=%2Fwp%2Fv2%2Fmedia&parent=4522"}],"wp:term":[{"taxonomy":"post_tag","embeddable":true,"href":"https:\/\/www.tabernaklet.se\/index.php?rest_route=%2Fwp%2Fv2%2Ftags&post=4522"},{"taxonomy":"mec_category","embeddable":true,"href":"https:\/\/www.tabernaklet.se\/index.php?rest_route=%2Fwp%2Fv2%2Fmec_category&post=4522"}],"curies":[{"name":"wp","href":"https:\/\/api.w.org\/{rel}","templated":true}]}}